{"id":20,"date":"2011-02-03T17:50:13","date_gmt":"2011-02-03T16:50:13","guid":{"rendered":"http:\/\/www.brandenburger-freidenker.de\/cms\/?page_id=20"},"modified":"2014-06-30T22:23:30","modified_gmt":"2014-06-30T20:23:30","slug":"wir","status":"publish","type":"page","link":"https:\/\/www.brandenburger-freidenker.de\/cms\/?page_id=20","title":{"rendered":"Wir \u00fcber uns"},"content":{"rendered":"<div id=\"attachment_52\" style=\"width: 310px\" class=\"wp-caption alignright\"><img loading=\"lazy\" decoding=\"async\" aria-describedby=\"caption-attachment-52\" class=\"size-medium wp-image-52 \" title=\"Menschenh\u00e4nde\" alt=\"\" src=\"https:\/\/www.brandenburger-freidenker.de\/cms\/wp-content\/uploads\/2011\/02\/486908_R_K_by_sokaeiko_pixelio.de_-300x205.jpg\" width=\"300\" height=\"205\" \/><\/p>\n<p id=\"caption-attachment-52\" class=\"wp-caption-text\">Quelle: sokaeiko \/ pixelio.de<\/p>\n<\/div>\n<h2>Selbst bestimmen, wie wir denken und wof\u00fcr wir leben wollen.<\/h2>\n<p><strong>Freidenker<\/strong> sind Menschen, wie DU und ich. Sie gehen im allgemeinen jeden Morgen zur Arbeit, studieren, lernen einen Beruf, sind arbeitslos oder sind gar Rentner. Sie lachen, weinen, sind lustig, chaotisch, manchmal w\u00fctend und denken \u00fcber alles in der Welt und was sie zusammenh\u00e4lt nach.<\/p>\n<p><strong>Freidenker<\/strong> sind Menschen, die ihr Leben selbstbestimmt in die Hand nehmen, die sich ihr Freies und unabh\u00e4ngiges Denken um keinen Preis durch eine Kirche oder staatliche Obrigkeit nehmen lassen wollen. Freies Denken bedeutet: Nicht mit den W\u00f6lfen heulen, nicht den Weg des geringsten Widerstandes gehen, sondern nach den eigenen freien \u00dcberzeugungen handeln. Freies Denken bedeutet, eine eigene Meinung fernab von der BILD-Zeitung oder dem allt\u00e4glichen Dudelfunk sich zu bilden. Freies Denken bedeutet aber auch, Toleranz im Umgang mit andersdenkenden und andersseienden Menschen zu \u00fcben. Freies Denken ist nur im Frieden m\u00f6glich, daher lehnen Freidenker jegliche physische und psychische Gewalt ab. Freidenker sind konfessionell nicht gebunden.<\/p>\n<p><strong>Freidenker sind Menschen, wie DU und ich.<\/strong><\/p>\n<hr \/>\n<h2>Freidenken? Warum? Wozu?<\/h2>\n<p><strong>Selbst denken &#8211; teuflisch gut &#8211; oder wo lassen Sie denken?<\/strong><\/p>\n<p><strong>Was Freidenker nicht sind<\/strong><\/p>\n<p>Freidenker &#8211; bitte nicht mit Freimaurern verwechseln (wir haben kein \u201eHeiliges\u201c Buch). Auch nicht mit Freireligi\u00f6sen &#8211; sie wollen frei in der Religion sein, wir frei von Religion! Dreht sich bei den Freidenkern alles um die Religion?<\/p>\n<p>Nein, f\u00fcr uns bedeutet Religionskritik Gesellschaftskritik. Wir besch\u00e4ftigen uns mit der Welt, mit der Realit\u00e4t, mit Ideen f\u00fcr eine Lebenswerte Zukunft.Wir sind \u2018zust\u00e4ndig\u2019 f\u00fcr das Leben, nicht f\u00fcr ein \u2018Leben\u2019 nach dem Tod.<\/p>\n<p><strong>Weltanschauungsgemeinschaft<\/strong><\/p>\n<p>Unsere Weltanschauung ist philosophisch begr\u00fcndet. Die materielle Welt ist das Urspr\u00fcngliche und sie ist die Wirklichkeit, in der wir leben. Sie ist die Grundlage, dass wir uns Gedanken \u00fcber sie machen. In der Welt geht es dialektisch zu. Sie ist eine Einheit, aber eine widerspr\u00fcchliche, voller Gegens\u00e4tze. Der Kampf der Gegens\u00e4tze bewirkt Bewegung, Entwicklung und Fortschritt.<\/p>\n<p>Der Freidenkerverband verteidigt die Kategorie der Vernunft und k\u00e4mpft gegen den Irrationalismus in religi\u00f6ser und in weltlicher Gestalt.<\/p>\n<p>Wir sind keine weltfremden Theoretiker &#8211; denn es gibt nichts Praktischeres als eine gute Theorie. Wer gegen Ungerechtigkeit, Diskriminierung, soziale Not und Umweltzerst\u00f6rung erfolgreich k\u00e4mpfen will, muss wissen, \u201ewas die Weit im Innersten zusammenh\u00e4lt\u201c.Wer die Welt ver\u00e4ndern will, muss sie erkennen. Erste Voraussetzung: mit dem eigenen Kopf zu denken. Wer ernsthaft etwas bewirken will, braucht Erkenntnisse, einen praktischen Plan und Gleichgesinnte.<\/p>\n<p><strong>Interessenvertretung Konfessionsfreier<\/strong><\/p>\n<p>Die Trennung von Staat und Kirche und von Kirche und Schule geh\u00f6rt zu den traditionellen Forderungen der Freidenkerbewegung.<\/p>\n<p>Obwohl die Konfessionsfreien heute die gr\u00f6\u00dfte Bev\u00f6lkerungsgruppe in Deutschland stellen, wird sie von den herrschenden politischen Kr\u00e4ften ignoriert. Obwohl das Grundgesetz die Trennung vorschreibt, leben Staat und Kirche weiter in ,wilder Ehe&#8216;: Die Kirche genie\u00dft zahllose Privilegien und wird mit dem Geld aller Steuerzahler; auch der nichtglaubenden, finanziert. Die Forderung nach Trennung von Staat und Kirche, dem Ende der Privilegierung richtet sich nicht gegen Gl\u00e4ubige, sondern will Nichtdiskriminierung und Gleichbehandlung eigentlich eine demokratische Selbstverst\u00e4ndlichkeit.<\/p>\n<p>Wir fordern Schluss mit der Milit\u00e4rseelsorge und in der Schule statt religi\u00f6ser Missionierung einen gemeinsamen Unterricht \u00fcber Ethik, Religions- und Lebenskunde f\u00fcr alle!<\/p>\n<p><strong>Kulturorganisation<\/strong><\/p>\n<p>F\u00fcr die nicht kirchlich Organisierten bieten die Freidenker weltliche Feiern zu den Wendepunkten des Lebens &#8211; Namensgebungsfeiern, Jugendweihe, weltlichen Hochzeiten und Trauerkultur.<\/p>\n<p>Der Freidenkerverband sch\u00e4tzt Kunst und Kultur als Mittel der Welt- und Selbsterkenntnis, fordert den freien Zugang zu ihren Errungenschaften f\u00fcr alle und f\u00f6rdert die kulturelle Selbstt\u00e4tigkeit. Wir treten der Monopolisierung und Konzentration wirtschaftlicher Macht im Bereich der Medien entgegen, der Brutalisierung, Trivialisierung und der Feindbildproduktion.<\/p>\n<p>Gegen die Einschl\u00e4ferung des kritischen Geistes wollen wir Mut machen zum selbstst\u00e4ndigen Denken und dazu, dem Druck zur Anpassung zu widerstehen.<\/p>\n<p>Kultur schlie\u00dft das menschliche Zusammenleben ein und die Selbstbestimmung dar\u00fcber, in welcher Gesellschaftsordnung wir leben wollen.<\/p>\n<p><strong>Antidiskriminierungsorganisation<\/strong><\/p>\n<p>Freidenker schlossen sich in Deutschland erstmals zusammen, zur Selbstverteidigung gegen Verfolgung wegen ihrer Ablehnung des Kirchenglaubens, von Autorit\u00e4ten, Dogmen und Tabus.<\/p>\n<p>Der Freidenkerverband tritt ein gegen Diskriminierung aufgrund der Herkunft, der sozialen Stellung, der \u00dcberzeugung, des Geschlechts oder der sexuellen Orientierung, wegen Alter oder Krankheit. Der Freidenkerverband ist antifaschistisch, antirassistisch, antimilitaristisch und antiimperialistisch.<\/p>\n<p>Im 19. Jahrhundert herrschte die \u201eEhe von Thron und Altar\u201c &#8211; der Staat sorgte f\u00fcr die Privilegien der Herrschenden, die Kirche herrschte \u00fcber die K\u00f6pfe der Untertanen. Heute sorgt der Staat unver\u00e4ndert f\u00fcr die Herrschaft der Privilegierten. aber inzwischen \u00fcbertreffen die Massenmedien die Kirche bei der Volksverdummung.<\/p>\n<p><strong>Das Gebot der Stunde hei\u00dft Aufkl\u00e4rung!<\/strong><\/p>\n<p>Um sich gegen Manipulation zu wehren und dem \u201eMainstream\u201c zu widerstehen, bietet der Freidenkerverband Menschen ein Forum, die sich Gedanken machen und Themen unserer Zeit diskutieren wollen &#8211; Ursachen und Ziele der heutigen Kriege, die Kriegshetze der \u201eneuen Weltordner\u201c und ihre Verbrechen gegen das V\u00f6lkerrecht, den Charakter der militarisierten EU und den notwendigen Austritt aus der NATO.<\/p>\n<p>Oder \u00fcber innenpolitische Themen wie Recht auf Arbeit, Bildung und Ausbildung, den Kampf gegen Bildungsprivilegien, den Widerstand gegen die Bereicherung der Besitzenden und gegen die Armut, die Verteidigung der Menschenw\u00fcrde. \u00dcber den wuchernden \u00dcberwachungsstaat, antikommunistische Geschichtsf\u00e4lschung und die Funktion des islamophoben Rassismus. Wir treten f\u00fcr die Solidarit\u00e4t mit unterentwickelt gehaltenen L\u00e4ndern und mit Befreiungsbewegungen ein, gegen die Pl\u00fcnderung des Planeten und die Zerst\u00f6rung der \u00f6kologischen Lebens- Grundlagen.<\/p>\n<p>Wir wollen alle Formen der Ausbeutung, Unterdr\u00fcckung und Entfremdung abschaffen und eine solidarische Gesellschaft freier und gleichberechtigter Menschen aufbauen helfen.<\/p>\n<p><strong>Bringen wir den Kapitalismus hinter uns.<\/strong><\/p>\n<p><em>(aus einem Werbematerial des DFV Bundesverband)<\/em><\/p>\n","protected":false},"excerpt":{"rendered":"<p>Selbst bestimmen, wie wir denken und wof\u00fcr wir leben wollen. Freidenker sind Menschen, wie DU und ich. Sie gehen im allgemeinen jeden Morgen zur Arbeit, studieren, lernen einen Beruf, sind arbeitslos oder sind gar Rentner. Sie lachen, weinen, sind lustig, &hellip; <a href=\"https:\/\/www.brandenburger-freidenker.de\/cms\/?page_id=20\">Weiterlesen <span class=\"meta-nav\">&rarr;<\/span><\/a><\/p>\n","protected":false},"author":5,"featured_media":0,"parent":0,"menu_order":10,"comment_status":"closed","ping_status":"closed","template":"","meta":{"footnotes":""},"class_list":["post-20","page","type-page","status-publish","hentry"],"_links":{"self":[{"href":"https:\/\/www.brandenburger-freidenker.de\/cms\/index.php?rest_route=\/wp\/v2\/pages\/20","targetHints":{"allow":["GET"]}}],"collection":[{"href":"https:\/\/www.brandenburger-freidenker.de\/cms\/index.php?rest_route=\/wp\/v2\/pages"}],"about":[{"href":"https:\/\/www.brandenburger-freidenker.de\/cms\/index.php?rest_route=\/wp\/v2\/types\/page"}],"author":[{"embeddable":true,"href":"https:\/\/www.brandenburger-freidenker.de\/cms\/index.php?rest_route=\/wp\/v2\/users\/5"}],"replies":[{"embeddable":true,"href":"https:\/\/www.brandenburger-freidenker.de\/cms\/index.php?rest_route=%2Fwp%2Fv2%2Fcomments&post=20"}],"version-history":[{"count":0,"href":"https:\/\/www.brandenburger-freidenker.de\/cms\/index.php?rest_route=\/wp\/v2\/pages\/20\/revisions"}],"wp:attachment":[{"href":"https:\/\/www.brandenburger-freidenker.de\/cms\/index.php?rest_route=%2Fwp%2Fv2%2Fmedia&parent=20"}],"curies":[{"name":"wp","href":"https:\/\/api.w.org\/{rel}","templated":true}]}}